{"id":448,"date":"2023-01-03T12:33:57","date_gmt":"2023-01-03T12:33:57","guid":{"rendered":"https:\/\/gaelscoilnaduglaise.ie\/stair-scoile\/"},"modified":"2024-02-21T13:12:31","modified_gmt":"2024-02-21T13:12:31","slug":"stair-scoile","status":"publish","type":"page","link":"https:\/\/gaelscoilnaduglaise.ie\/ga\/stair-scoile\/","title":{"rendered":"F\u00fainn F\u00e9in"},"content":{"rendered":"<p>[et_pb_section fb_built=&#8221;1&#8243; admin_label=&#8221;Header Section&#8221; _builder_version=&#8221;4.19.1&#8243; _module_preset=&#8221;default&#8221; background_color=&#8221;rgba(0,0,0,0.4)&#8221; background_image=&#8221;https:\/\/gaelscoilnaduglaise.ie\/wp-content\/uploads\/2023\/09\/GnD-About-Us-Header-Image.jpg&#8221; background_position=&#8221;top_left&#8221; background_blend=&#8221;overlay&#8221; height=&#8221;60vh&#8221; custom_padding=&#8221;15vh||||false|false&#8221; background_last_edited=&#8221;on|phone&#8221; background_size_phone=&#8221;custom&#8221; background_image_width_phone=&#8221;200%&#8221; background_image_height_phone=&#8221;140%&#8221; background_position_phone=&#8221;bottom_left&#8221; background_horizontal_offset_phone=&#8221;55%&#8221; background_vertical_offset_phone=&#8221;0%&#8221; locked=&#8221;off&#8221; collapsed=&#8221;on&#8221; global_colors_info=&#8221;{}&#8221;][et_pb_row _builder_version=&#8221;4.19.0&#8243; _module_preset=&#8221;default&#8221; global_colors_info=&#8221;{}&#8221;][et_pb_column type=&#8221;4_4&#8243; _builder_version=&#8221;4.19.0&#8243; _module_preset=&#8221;default&#8221; global_colors_info=&#8221;{}&#8221;][et_pb_text admin_label=&#8221;Text&#8221; _builder_version=&#8221;4.19.1&#8243; _module_preset=&#8221;default&#8221; background_color=&#8221;RGBA(255,255,255,0)&#8221; global_colors_info=&#8221;{}&#8221;]<\/p>\n<h1>N\u00f3ta \u00f3n bPr\u00edomhoide<\/h1>\n<p>[\/et_pb_text][\/et_pb_column][\/et_pb_row][\/et_pb_section][et_pb_section fb_built=&#8221;1&#8243; _builder_version=&#8221;4.19.0&#8243; _module_preset=&#8221;default&#8221; min_height=&#8221;70vh&#8221; custom_padding=&#8221;||100px|||&#8221; global_colors_info=&#8221;{}&#8221;][et_pb_row column_structure=&#8221;2_3,1_3&#8243; _builder_version=&#8221;4.19.0&#8243; _module_preset=&#8221;default&#8221; global_colors_info=&#8221;{}&#8221;][et_pb_column type=&#8221;2_3&#8243; _builder_version=&#8221;4.19.0&#8243; _module_preset=&#8221;default&#8221; global_colors_info=&#8221;{}&#8221;][et_pb_text _builder_version=&#8221;4.22.2&#8243; _module_preset=&#8221;default&#8221; global_colors_info=&#8221;{}&#8221;]<\/p>\n<h2><span style=\"font-weight: 400;\">T\u00e1 f\u00e1ilte romhat go su\u00edomh idirl\u00edne Gaelscoil na D\u00faglaise i gCorcaigh.\u00a0<\/span><\/h2>\n<p><span style=\"font-weight: 400;\">Le beagnach daichead bliain anuas, t\u00e1 Gaelscoil na Duglaise ag sol\u00e1thar oideachas den scoth tr\u00ed mh\u00e9an na Gaeilge do bhuachaill\u00ed agus cail\u00edn\u00ed. <\/span><span style=\"font-weight: 400;\">T\u00e1 spiorad l\u00e1idir comhoibrithe sa scoil seo agus t\u00e1imid ana-bhr\u00f3d\u00fail as. B\u00edonn dalta\u00ed, tuismitheoir\u00ed, foireann na scoile agus an bord bainist\u00edochta ar fad ag obair le ch\u00e9ile chun oideachas chomh hioml\u00e1n agus chomh s\u00e1s\u00fail agus is f\u00e9idir a chruth\u00fa d\u00e1r ndalta\u00ed. Cotha\u00edonn an spiorad sin atmaisf\u00e9ar ar leith ar scoil at\u00e1 ana-dhearfach, at\u00e1 d\u00edrithe ar fholl\u00e1ine do ph\u00e1iste\u00a0 agus\u00a0 a chuireann\u00a0 ar chumas na ndalta\u00ed barr a maitheasa a bhaint amach, laistigh agus lasmuigh den seomra ranga. T\u00e1 c\u00e1il ar an scoil seo \u00f3 thaobh aire a thabhairt d\u00e1r ndalta\u00ed agus freastal ar dhalta\u00ed le gach saghas cumas agus r\u00e9imse sp\u00e9ise, agus teasta\u00edonn uainn lean\u00faint ar aghaidh mar sin.\u00a0<\/span><\/p>\n<p><span style=\"font-weight: 400;\">Is ard\u00e1n\u00a0 \u00e9 seo a chuireann ar \u00e1r gcumas teagmh\u00e1il a dh\u00e9anamh le gach \u00e9inne gur mian leo s\u00fail a choinne\u00e1il ar imeachta\u00ed pobal na scoile. \u00a0T\u00e1 s\u00fail agam go mbeidh an su\u00edomh idirl\u00edn seo ina mhacasamhail dh\u00edlis den scoil agus d\u00e1 mb\u00edonn inti.\u00a0Buailig\u00ed isteach chugainn go rialta!<\/span><\/p>\n<p><em><span style=\"font-weight: 400;\">Niamh N\u00ed Mhaol\u00e1in<\/span><\/em><\/p>\n<p>[\/et_pb_text][\/et_pb_column][et_pb_column type=&#8221;1_3&#8243; _builder_version=&#8221;4.19.0&#8243; _module_preset=&#8221;default&#8221; global_colors_info=&#8221;{}&#8221;][et_pb_image src=&#8221;https:\/\/gaelscoilnaduglaise.ie\/wp-content\/uploads\/2023\/09\/nota-priom-1-768&#215;1024.jpg&#8221; alt=&#8221;nota pr\u00edom&#8221; _builder_version=&#8221;4.19.1&#8243; _module_preset=&#8221;default&#8221; global_colors_info=&#8221;{}&#8221;][\/et_pb_image][\/et_pb_column][\/et_pb_row][\/et_pb_section]<\/p>\n","protected":false},"excerpt":{"rendered":"<p>N\u00f3ta \u00f3n bPr\u00edomhoideT\u00e1 f\u00e1ilte romhat go su\u00edomh idirl\u00edne Gaelscoil na D\u00faglaise i gCorcaigh.\u00a0 Le beagnach daichead bliain anuas, t\u00e1 Gaelscoil na Duglaise ag sol\u00e1thar oideachas den scoth tr\u00ed mh\u00e9an na Gaeilge do bhuachaill\u00ed agus cail\u00edn\u00ed. T\u00e1 spiorad l\u00e1idir comhoibrithe sa scoil seo agus t\u00e1imid ana-bhr\u00f3d\u00fail as. B\u00edonn dalta\u00ed, tuismitheoir\u00ed, foireann na scoile agus an bord [&hellip;]<\/p>\n","protected":false},"author":1,"featured_media":0,"parent":0,"menu_order":0,"comment_status":"closed","ping_status":"closed","template":"","meta":{"_et_pb_use_builder":"on","_et_pb_old_content":"","_et_gb_content_width":"","ngg_post_thumbnail":0,"footnotes":""},"class_list":["post-448","page","type-page","status-publish","hentry"],"yoast_head":"<!-- This site is optimized with the Yoast SEO plugin v24.0 - https:\/\/yoast.com\/wordpress\/plugins\/seo\/ -->\n<title>F\u00fainn F\u00e9in - GND<\/title>\n<meta name=\"robots\" content=\"index, follow, max-snippet:-1, max-image-preview:large, max-video-preview:-1\" \/>\n<link rel=\"canonical\" href=\"https:\/\/gaelscoilnaduglaise.ie\/ga\/stair-scoile\/\" \/>\n<meta property=\"og:locale\" content=\"ga_IE\" \/>\n<meta property=\"og:type\" content=\"article\" \/>\n<meta property=\"og:title\" content=\"F\u00fainn F\u00e9in - GND\" \/>\n<meta property=\"og:description\" content=\"N\u00f3ta \u00f3n bPr\u00edomhoideT\u00e1 f\u00e1ilte romhat go su\u00edomh idirl\u00edne Gaelscoil na D\u00faglaise i gCorcaigh.\u00a0 Le beagnach daichead bliain anuas, t\u00e1 Gaelscoil na Duglaise ag sol\u00e1thar oideachas den scoth tr\u00ed mh\u00e9an na Gaeilge do bhuachaill\u00ed agus cail\u00edn\u00ed. T\u00e1 spiorad l\u00e1idir comhoibrithe sa scoil seo agus t\u00e1imid ana-bhr\u00f3d\u00fail as. B\u00edonn dalta\u00ed, tuismitheoir\u00ed, foireann na scoile agus an bord [&hellip;]\" \/>\n<meta property=\"og:url\" content=\"https:\/\/gaelscoilnaduglaise.ie\/ga\/stair-scoile\/\" \/>\n<meta property=\"og:site_name\" content=\"GND\" \/>\n<meta property=\"article:modified_time\" content=\"2024-02-21T13:12:31+00:00\" \/>\n<meta name=\"twitter:card\" content=\"summary_large_image\" \/>\n<meta name=\"twitter:label1\" content=\"Est. reading time\" \/>\n\t<meta name=\"twitter:data1\" content=\"2 minutes\" \/>\n<script type=\"application\/ld+json\" class=\"yoast-schema-graph\">{\"@context\":\"https:\/\/schema.org\",\"@graph\":[{\"@type\":\"WebPage\",\"@id\":\"https:\/\/gaelscoilnaduglaise.ie\/ga\/stair-scoile\/\",\"url\":\"https:\/\/gaelscoilnaduglaise.ie\/ga\/stair-scoile\/\",\"name\":\"F\u00fainn F\u00e9in - GND\",\"isPartOf\":{\"@id\":\"https:\/\/gaelscoilnaduglaise.ie\/#website\"},\"datePublished\":\"2023-01-03T12:33:57+00:00\",\"dateModified\":\"2024-02-21T13:12:31+00:00\",\"breadcrumb\":{\"@id\":\"https:\/\/gaelscoilnaduglaise.ie\/ga\/stair-scoile\/#breadcrumb\"},\"inLanguage\":\"ga-IE\",\"potentialAction\":[{\"@type\":\"ReadAction\",\"target\":[\"https:\/\/gaelscoilnaduglaise.ie\/ga\/stair-scoile\/\"]}]},{\"@type\":\"BreadcrumbList\",\"@id\":\"https:\/\/gaelscoilnaduglaise.ie\/ga\/stair-scoile\/#breadcrumb\",\"itemListElement\":[{\"@type\":\"ListItem\",\"position\":1,\"name\":\"Home\",\"item\":\"https:\/\/gaelscoilnaduglaise.ie\/ga\/leathanach-baile\/\"},{\"@type\":\"ListItem\",\"position\":2,\"name\":\"F\u00fainn F\u00e9in\"}]},{\"@type\":\"WebSite\",\"@id\":\"https:\/\/gaelscoilnaduglaise.ie\/#website\",\"url\":\"https:\/\/gaelscoilnaduglaise.ie\/\",\"name\":\"Gaelscoil na Duglaise\",\"description\":\"Gaelscoil Na Duglaise\",\"publisher\":{\"@id\":\"https:\/\/gaelscoilnaduglaise.ie\/#organization\"},\"potentialAction\":[{\"@type\":\"SearchAction\",\"target\":{\"@type\":\"EntryPoint\",\"urlTemplate\":\"https:\/\/gaelscoilnaduglaise.ie\/?s={search_term_string}\"},\"query-input\":{\"@type\":\"PropertyValueSpecification\",\"valueRequired\":true,\"valueName\":\"search_term_string\"}}],\"inLanguage\":\"ga-IE\"},{\"@type\":\"Organization\",\"@id\":\"https:\/\/gaelscoilnaduglaise.ie\/#organization\",\"name\":\"Gaelscoil na Duglaise\",\"url\":\"https:\/\/gaelscoilnaduglaise.ie\/\",\"logo\":{\"@type\":\"ImageObject\",\"inLanguage\":\"ga-IE\",\"@id\":\"https:\/\/gaelscoilnaduglaise.ie\/#\/schema\/logo\/image\/\",\"url\":\"https:\/\/gaelscoilnaduglaise.ie\/wp-content\/uploads\/2023\/09\/GND-Logo-Dark-1.png\",\"contentUrl\":\"https:\/\/gaelscoilnaduglaise.ie\/wp-content\/uploads\/2023\/09\/GND-Logo-Dark-1.png\",\"width\":400,\"height\":100,\"caption\":\"Gaelscoil na Duglaise\"},\"image\":{\"@id\":\"https:\/\/gaelscoilnaduglaise.ie\/#\/schema\/logo\/image\/\"}}]}<\/script>\n<!-- \/ Yoast SEO plugin. -->","yoast_head_json":{"title":"F\u00fainn F\u00e9in - GND","robots":{"index":"index","follow":"follow","max-snippet":"max-snippet:-1","max-image-preview":"max-image-preview:large","max-video-preview":"max-video-preview:-1"},"canonical":"https:\/\/gaelscoilnaduglaise.ie\/ga\/stair-scoile\/","og_locale":"ga_IE","og_type":"article","og_title":"F\u00fainn F\u00e9in - GND","og_description":"N\u00f3ta \u00f3n bPr\u00edomhoideT\u00e1 f\u00e1ilte romhat go su\u00edomh idirl\u00edne Gaelscoil na D\u00faglaise i gCorcaigh.\u00a0 Le beagnach daichead bliain anuas, t\u00e1 Gaelscoil na Duglaise ag sol\u00e1thar oideachas den scoth tr\u00ed mh\u00e9an na Gaeilge do bhuachaill\u00ed agus cail\u00edn\u00ed. T\u00e1 spiorad l\u00e1idir comhoibrithe sa scoil seo agus t\u00e1imid ana-bhr\u00f3d\u00fail as. B\u00edonn dalta\u00ed, tuismitheoir\u00ed, foireann na scoile agus an bord [&hellip;]","og_url":"https:\/\/gaelscoilnaduglaise.ie\/ga\/stair-scoile\/","og_site_name":"GND","article_modified_time":"2024-02-21T13:12:31+00:00","twitter_card":"summary_large_image","twitter_misc":{"Est. reading time":"2 minutes"},"schema":{"@context":"https:\/\/schema.org","@graph":[{"@type":"WebPage","@id":"https:\/\/gaelscoilnaduglaise.ie\/ga\/stair-scoile\/","url":"https:\/\/gaelscoilnaduglaise.ie\/ga\/stair-scoile\/","name":"F\u00fainn F\u00e9in - GND","isPartOf":{"@id":"https:\/\/gaelscoilnaduglaise.ie\/#website"},"datePublished":"2023-01-03T12:33:57+00:00","dateModified":"2024-02-21T13:12:31+00:00","breadcrumb":{"@id":"https:\/\/gaelscoilnaduglaise.ie\/ga\/stair-scoile\/#breadcrumb"},"inLanguage":"ga-IE","potentialAction":[{"@type":"ReadAction","target":["https:\/\/gaelscoilnaduglaise.ie\/ga\/stair-scoile\/"]}]},{"@type":"BreadcrumbList","@id":"https:\/\/gaelscoilnaduglaise.ie\/ga\/stair-scoile\/#breadcrumb","itemListElement":[{"@type":"ListItem","position":1,"name":"Home","item":"https:\/\/gaelscoilnaduglaise.ie\/ga\/leathanach-baile\/"},{"@type":"ListItem","position":2,"name":"F\u00fainn F\u00e9in"}]},{"@type":"WebSite","@id":"https:\/\/gaelscoilnaduglaise.ie\/#website","url":"https:\/\/gaelscoilnaduglaise.ie\/","name":"Gaelscoil na Duglaise","description":"Gaelscoil Na Duglaise","publisher":{"@id":"https:\/\/gaelscoilnaduglaise.ie\/#organization"},"potentialAction":[{"@type":"SearchAction","target":{"@type":"EntryPoint","urlTemplate":"https:\/\/gaelscoilnaduglaise.ie\/?s={search_term_string}"},"query-input":{"@type":"PropertyValueSpecification","valueRequired":true,"valueName":"search_term_string"}}],"inLanguage":"ga-IE"},{"@type":"Organization","@id":"https:\/\/gaelscoilnaduglaise.ie\/#organization","name":"Gaelscoil na Duglaise","url":"https:\/\/gaelscoilnaduglaise.ie\/","logo":{"@type":"ImageObject","inLanguage":"ga-IE","@id":"https:\/\/gaelscoilnaduglaise.ie\/#\/schema\/logo\/image\/","url":"https:\/\/gaelscoilnaduglaise.ie\/wp-content\/uploads\/2023\/09\/GND-Logo-Dark-1.png","contentUrl":"https:\/\/gaelscoilnaduglaise.ie\/wp-content\/uploads\/2023\/09\/GND-Logo-Dark-1.png","width":400,"height":100,"caption":"Gaelscoil na Duglaise"},"image":{"@id":"https:\/\/gaelscoilnaduglaise.ie\/#\/schema\/logo\/image\/"}}]}},"_links":{"self":[{"href":"https:\/\/gaelscoilnaduglaise.ie\/ga\/wp-json\/wp\/v2\/pages\/448","targetHints":{"allow":["GET"]}}],"collection":[{"href":"https:\/\/gaelscoilnaduglaise.ie\/ga\/wp-json\/wp\/v2\/pages"}],"about":[{"href":"https:\/\/gaelscoilnaduglaise.ie\/ga\/wp-json\/wp\/v2\/types\/page"}],"author":[{"embeddable":true,"href":"https:\/\/gaelscoilnaduglaise.ie\/ga\/wp-json\/wp\/v2\/users\/1"}],"replies":[{"embeddable":true,"href":"https:\/\/gaelscoilnaduglaise.ie\/ga\/wp-json\/wp\/v2\/comments?post=448"}],"version-history":[{"count":20,"href":"https:\/\/gaelscoilnaduglaise.ie\/ga\/wp-json\/wp\/v2\/pages\/448\/revisions"}],"predecessor-version":[{"id":1650,"href":"https:\/\/gaelscoilnaduglaise.ie\/ga\/wp-json\/wp\/v2\/pages\/448\/revisions\/1650"}],"wp:attachment":[{"href":"https:\/\/gaelscoilnaduglaise.ie\/ga\/wp-json\/wp\/v2\/media?parent=448"}],"curies":[{"name":"wp","href":"https:\/\/api.w.org\/{rel}","templated":true}]}}